{"id":11321,"date":"2024-09-13T09:11:22","date_gmt":"2024-09-13T12:11:22","guid":{"rendered":"https:\/\/redelucymontoro.org.br\/site\/?page_id=11321"},"modified":"2024-09-18T12:11:38","modified_gmt":"2024-09-18T15:11:38","slug":"taubate","status":"publish","type":"page","link":"https:\/\/redelucymontoro.org.br\/site\/apresentacao\/interior\/taubate\/","title":{"rendered":"Taubat\u00e9"},"content":{"rendered":"<div class=\"gb-container gb-container-0b384c2b\">\n<div class=\"gb-container gb-container-3c85d835\">\n\n<figure class=\"gb-block-image gb-block-image-157db20a\"><img fetchpriority=\"high\" decoding=\"async\" width=\"1200\" height=\"566\" class=\"gb-image gb-image-157db20a\" src=\"https:\/\/redelucymontoro.org.br\/site\/wp-content\/uploads\/2024\/09\/foto-taubate.jpg\" alt=\"\" title=\"foto taubate\" srcset=\"https:\/\/redelucymontoro.org.br\/site\/wp-content\/uploads\/2024\/09\/foto-taubate.jpg 1200w, https:\/\/redelucymontoro.org.br\/site\/wp-content\/uploads\/2024\/09\/foto-taubate-300x141.jpg 300w, https:\/\/redelucymontoro.org.br\/site\/wp-content\/uploads\/2024\/09\/foto-taubate-1024x483.jpg 1024w, https:\/\/redelucymontoro.org.br\/site\/wp-content\/uploads\/2024\/09\/foto-taubate-768x362.jpg 768w\" sizes=\"(max-width: 1200px) 100vw, 1200px\" \/><\/figure>\n\n<\/div>\n\n<div class=\"gb-container gb-container-cf69fe2f\">\n\n<p><strong>Inaugura\u00e7\u00e3o:<\/strong>&nbsp;31 de mar\u00e7o de 2023<\/p>\n\n\n\n<p><strong>Institui\u00e7\u00e3o parceira<br><\/strong>Seconci-SP \u2013 Servi\u00e7o Social da Constru\u00e7\u00e3o Civil do Estado de S\u00e3o Paulo<\/p>\n\n\n\n<p><strong>Informa\u00e7\u00f5es<br><\/strong>De segunda a sexta-feira, das 7h00 \u00e0s 19:00h<\/p>\n\n\n\n<p><strong>Programas Oferecidos<\/strong><\/p>\n\n\n\n<ul class=\"wp-block-list\">\n<li>Reabilita\u00e7\u00e3o Ambulatorial Auditiva com fornecimento de Aparelho de Amplifica\u00e7\u00e3o Sonora Individual (AASI).<\/li>\n\n\n\n<li>Reabilita\u00e7\u00e3o Ambulatorial F\u00edsica: Les\u00e3o Encef\u00e1lica; Amputa\u00e7\u00e3o; Les\u00e3o Medular; Infantil; Doen\u00e7as Neurodegenerativas; Doen\u00e7as Neuromusculares;<\/li>\n\n\n\n<li>Oficinas Terap\u00eauticas;<\/li>\n\n\n\n<li>Programa de \u00d3rteses, Pr\u00f3teses e Meios Auxiliares de Locomo\u00e7\u00e3o.<\/li>\n<\/ul>\n\n\n\n<p><strong>Como receber o atendimento<br><\/strong>O Departamento Regional de Sa\u00fade XVII\u2013 Taubat\u00e9 faz o encaminhamento de pacientes que necessitam de reabilita\u00e7\u00e3o via sistema Cross \u2013 ferramenta que permite a regula\u00e7\u00e3o de vagas para o sistema de sa\u00fade do Estado de S\u00e3o Paulo.<\/p>\n\n\n\n<p><strong>Contatos<\/strong><br>E-mail: <a href=\"mailto:contato@lucymontoro-taubate.org.br\">contato@lucymontoro-taubate.org.br<\/a><br>Telefone: (12) 3634-8050<br><a href=\"http:\/\/www.lucymontoro-taubate.org.br\/\" target=\"_blank\" rel=\"noreferrer noopener\">www.lucymontoro-taubate.org.br\/<\/a><\/p>\n\n\n\n<p><strong>Endere\u00e7o<\/strong><\/p>\n\n\n\n<iframe src=\"https:\/\/www.google.com\/maps\/embed?pb=!1m18!1m12!1m3!1d3672.349713423573!2d-45.548657899999995!3d-23.010928399999997!2m3!1f0!2f0!3f0!3m2!1i1024!2i768!4f13.1!3m3!1m2!1s0x94ccf9a3899b727d%3A0x5266e773a55cb526!2sAv.%20Amador%20Bueno%20da%20Veiga%2C%20340%20-%20Jardim%20dos%20Estados%2C%20Taubat%C3%A9%20-%20SP%2C%2012062-400!5e0!3m2!1spt-BR!2sbr!4v1726231157267!5m2!1spt-BR!2sbr\" width=\"600\" height=\"450\" style=\"border:0;\" allowfullscreen=\"\" loading=\"lazy\" referrerpolicy=\"no-referrer-when-downgrade\"><\/iframe>\n\n<\/div>\n<\/div>\n\n\n<p><\/p>\n","protected":false},"excerpt":{"rendered":"","protected":false},"author":2,"featured_media":0,"parent":4610,"menu_order":0,"comment_status":"closed","ping_status":"closed","template":"","meta":{"_acf_changed":false,"inline_featured_image":false,"footnotes":""},"categories":[],"tags":[],"class_list":["post-11321","page","type-page","status-publish"],"acf":[],"_links":{"self":[{"href":"https:\/\/redelucymontoro.org.br\/site\/wp-json\/wp\/v2\/pages\/11321","targetHints":{"allow":["GET"]}}],"collection":[{"href":"https:\/\/redelucymontoro.org.br\/site\/wp-json\/wp\/v2\/pages"}],"about":[{"href":"https:\/\/redelucymontoro.org.br\/site\/wp-json\/wp\/v2\/types\/page"}],"author":[{"embeddable":true,"href":"https:\/\/redelucymontoro.org.br\/site\/wp-json\/wp\/v2\/users\/2"}],"replies":[{"embeddable":true,"href":"https:\/\/redelucymontoro.org.br\/site\/wp-json\/wp\/v2\/comments?post=11321"}],"version-history":[{"count":3,"href":"https:\/\/redelucymontoro.org.br\/site\/wp-json\/wp\/v2\/pages\/11321\/revisions"}],"predecessor-version":[{"id":11383,"href":"https:\/\/redelucymontoro.org.br\/site\/wp-json\/wp\/v2\/pages\/11321\/revisions\/11383"}],"up":[{"embeddable":true,"href":"https:\/\/redelucymontoro.org.br\/site\/wp-json\/wp\/v2\/pages\/4610"}],"wp:attachment":[{"href":"https:\/\/redelucymontoro.org.br\/site\/wp-json\/wp\/v2\/media?parent=11321"}],"wp:term":[{"taxonomy":"category","embeddable":true,"href":"https:\/\/redelucymontoro.org.br\/site\/wp-json\/wp\/v2\/categories?post=11321"},{"taxonomy":"post_tag","embeddable":true,"href":"https:\/\/redelucymontoro.org.br\/site\/wp-json\/wp\/v2\/tags?post=11321"}],"curies":[{"name":"wp","href":"https:\/\/api.w.org\/{rel}","templated":true}]}}