{"id":455,"date":"2016-10-10T19:22:56","date_gmt":"2016-10-10T19:22:56","guid":{"rendered":"https:\/\/situati.net.br\/new\/o-exercicio-fisico-na-reabilitacao-19-de-novembro-inscricoes-abertas-evento-gratuito\/"},"modified":"2024-04-14T21:21:04","modified_gmt":"2024-04-15T00:21:04","slug":"o-exercicio-fisico-na-reabilitacao-19-de-novembro-inscricoes-abertas-evento-gratuito","status":"publish","type":"curso","link":"https:\/\/redelucymontoro.org.br\/site\/cursos\/o-exercicio-fisico-na-reabilitacao-19-de-novembro-inscricoes-abertas-evento-gratuito\/","title":{"rendered":"INSCRI\u00c7\u00d5ES ENCERRADAS &#8211; O Exerc\u00edcio F\u00edsico na Reabilita\u00e7\u00e3o &#8211; 19 de novembro"},"content":{"rendered":"<p>Evento &#8220;Exerc\u00edcio F\u00edsico na Reabilita\u00e7\u00e3o&#8221;<br \/>P\u00fablico: estudantes de Educa\u00e7\u00e3o F\u00edsica e demais Profissionais da Sa\u00fade.<br \/>Data: 19 de novembro (s\u00e1bado), no IMREA Vila Mariana (Rua Domingo de Soto, 100 &#8211; pr\u00f3ximo \u00e0 esta\u00e7\u00e3o Ch\u00e1cara Klabin &#8211; Linha 2 Verde do Metr\u00f4).<br \/>Inscri\u00e7\u00f5es: gratuitas<br \/>Os participantes receber\u00e3o certificado.<\/p>\n<p><!--more--><\/p>\n<p>Evento &#8220;Exerc\u00edcio F\u00edsico na Reabilita\u00e7\u00e3o&#8221;<br \/>P\u00fablico: estudantes de Educa\u00e7\u00e3o F\u00edsica e demais Profissionais da Sa\u00fade.<br \/>Data: 19 de novembro (s\u00e1bado), no IMREA Vila Mariana (Rua Domingo de Soto, 100 &#8211; pr\u00f3ximo \u00e0 esta\u00e7\u00e3o Ch\u00e1cara Klabin &#8211; Linha 2 Verde do Metr\u00f4).<br \/>Inscri\u00e7\u00f5es: gratuitas<br \/>Os participantes receber\u00e3o certificado.<\/p>\n<p>Programa\u00e7\u00e3o:<br \/>8h &#8211; Credenciamento<br \/>8h30 &#8211; Boas vindas e apresenta\u00e7\u00e3o &#8211; Cristiane Vieira Cardoso (Especialista em Fisiologia e Biomec\u00e2nica do Aparelho Locomotor )<br \/>9h &#8211; A Reabilita\u00e7\u00e3o no Brasil &#8211; Edna Bispo (Especialista em Fisiologia do Exerc\u00edcio e Exerc\u00edcio na Sa\u00fade e na Doen\u00e7a) <br \/>9h30 &#8211; Coffee Break <br \/>10h &#8211; O Condicionamento F\u00edsico na Reabilita\u00e7\u00e3o F\u00edsica &#8211; Priscila Mazi (Especialista em Reabilita\u00e7\u00e3o Card\u00edaca) <br \/>11h &#8211; Vari\u00e1veis fisiol\u00f3gicas e cardiovasculares a serem consideradas para prescri\u00e7\u00e3o do exerc\u00edcio &#8211; Cristiane Mota (Mestranda em Ci\u00eancias M\u00e9dicas e Especialista em Reabilita\u00e7\u00e3o Card\u00edaca) <br \/>12h &#8211; Momento aberto a perguntas<br \/>12h:30 &#8211; Encerramento<\/p>\n<p><img fetchpriority=\"high\" decoding=\"async\" src=\"images\/Imagens\/F\u00f3rum_Cond._F\u00edsico.jpg\" alt=\"F\u00f3rum Cond. F\u00edsico\" width=\"727\" height=\"514\" \/><\/p>\n","protected":false},"featured_media":0,"template":"","class_list":["post-455","curso","type-curso","status-publish","hentry"],"acf":[],"_links":{"self":[{"href":"https:\/\/redelucymontoro.org.br\/site\/wp-json\/wp\/v2\/curso\/455","targetHints":{"allow":["GET"]}}],"collection":[{"href":"https:\/\/redelucymontoro.org.br\/site\/wp-json\/wp\/v2\/curso"}],"about":[{"href":"https:\/\/redelucymontoro.org.br\/site\/wp-json\/wp\/v2\/types\/curso"}],"wp:attachment":[{"href":"https:\/\/redelucymontoro.org.br\/site\/wp-json\/wp\/v2\/media?parent=455"}],"curies":[{"name":"wp","href":"https:\/\/api.w.org\/{rel}","templated":true}]}}