{"id":429,"date":"2016-09-02T16:04:11","date_gmt":"2016-09-02T16:04:11","guid":{"rendered":"https:\/\/situati.net.br\/new\/palestra-risco-de-queda-no-idoso-21-09\/"},"modified":"2024-04-14T21:21:04","modified_gmt":"2024-04-15T00:21:04","slug":"palestra-risco-de-queda-no-idoso-21-09","status":"publish","type":"curso","link":"https:\/\/redelucymontoro.org.br\/site\/cursos\/palestra-risco-de-queda-no-idoso-21-09\/","title":{"rendered":"Palestra Risco de Queda no Idoso &#8211; 21\/09"},"content":{"rendered":"<p>Data: 21\/09\/2016 (quarta-feira)<br \/>Local: Anfiteatro do IMREA Lapa* <br \/>P\u00fablico: interessados em geral<br \/>Hor\u00e1rio: 14h \u00e0s 16h<br \/>Investimento: Gratuito<br \/>Informa\u00e7\u00f5es e inscri\u00e7\u00f5es: <br \/>(11) 5180-7813 | cursos.imrea@hc.fm.usp.br<\/p>\n<p><em>*Rua Guaicurus, 1274 &#8211; Lapa &#8211; S\u00e3o Paulo (Pr\u00f3ximo \u00e0 esta\u00e7\u00e3o Lapa &#8211; <\/em><br \/><em> Linha 8 Diamante da CPTM)<\/em><\/p>\n<p><!--more--><\/p>\n<p>Data: 21\/09\/2016 (quarta-feira)<br \/>Local: Anfiteatro do IMREA Lapa*&nbsp;<br \/>P\u00fablico: interessados em geral<br \/>Hor\u00e1rio: 14h \u00e0s 16h<br \/>Investimento: Gratuito<br \/>Informa\u00e7\u00f5es e inscri\u00e7\u00f5es:&nbsp;<br \/>(11) 5180-7813 |&nbsp;cursos.imrea@hc.fm.usp.br<\/p>\n<p><img fetchpriority=\"high\" decoding=\"async\" src=\"images\/Imagens\/Palestra_Queda_Idoso.jpg\" alt=\"Palestra Queda Idoso\" width=\"768\" height=\"543\" \/><\/p>\n<p><em>*Rua Guaicurus, 1274 &#8211; Lapa &#8211; S\u00e3o Paulo (Pr\u00f3ximo \u00e0 esta\u00e7\u00e3o Lapa &#8211;&nbsp;<\/em><br \/><em>Linha 8 Diamante da CPTM)<\/em><\/p>\n","protected":false},"featured_media":0,"template":"","class_list":["post-429","curso","type-curso","status-publish","hentry"],"acf":[],"_links":{"self":[{"href":"https:\/\/redelucymontoro.org.br\/site\/wp-json\/wp\/v2\/curso\/429","targetHints":{"allow":["GET"]}}],"collection":[{"href":"https:\/\/redelucymontoro.org.br\/site\/wp-json\/wp\/v2\/curso"}],"about":[{"href":"https:\/\/redelucymontoro.org.br\/site\/wp-json\/wp\/v2\/types\/curso"}],"wp:attachment":[{"href":"https:\/\/redelucymontoro.org.br\/site\/wp-json\/wp\/v2\/media?parent=429"}],"curies":[{"name":"wp","href":"https:\/\/api.w.org\/{rel}","templated":true}]}}