{"id":418,"date":"2016-08-19T18:57:59","date_gmt":"2016-08-19T18:57:59","guid":{"rendered":"https:\/\/situati.net.br\/new\/iii-forum-de-familia-e-servico-social-na-reabilitacao-16-09\/"},"modified":"2024-04-14T21:21:04","modified_gmt":"2024-04-15T00:21:04","slug":"iii-forum-de-familia-e-servico-social-na-reabilitacao-16-09","status":"publish","type":"curso","link":"https:\/\/redelucymontoro.org.br\/site\/cursos\/iii-forum-de-familia-e-servico-social-na-reabilitacao-16-09\/","title":{"rendered":"III F\u00f3rum de Fam\u00edlia e Servi\u00e7o Social na Reabilita\u00e7\u00e3o &#8211; 16\/09"},"content":{"rendered":"<p>Participe do III F\u00f3rum de Fam\u00edlia e Servi\u00e7o Social na Reabilita\u00e7\u00e3o<br \/>Data: 16\/09\/2016 (sexta-feira)<br \/>Local: Audit\u00f3rio do IMREA Vila Mariana* <br \/>P\u00fablico: Assistentes Sociais, Estudantes de Servi\u00e7o Social e Profissionais da Sa\u00fade<br \/>Investimento: R$ 70,00 (Profissionais)<br \/>&nbsp; &nbsp; &nbsp; &nbsp; &nbsp; &nbsp; &nbsp; &nbsp; &nbsp; &nbsp; &nbsp; R$ 35,00 (Estudantes)<br \/>Informa\u00e7\u00f5es e inscri\u00e7\u00f5es: (11) 5180-7813 | cursos.imrea@hc.fm.usp.br<\/p>\n<p><!--more--><\/p>\n<p><strong>Participe do III F\u00f3rum de Fam\u00edlia e Servi\u00e7o Social na Reabilita\u00e7\u00e3o<\/strong><br \/>Data: 16\/09\/2016 (sexta-feira)<br \/>Local: Audit\u00f3rio do IMREA Vila Mariana*&nbsp;<br \/>P\u00fablico: Assistentes Sociais, Estudantes de Servi\u00e7o Social e Profissionais da Sa\u00fade<br \/>Investimento: R$ 70,00 (Profissionais)<br \/>&nbsp; &nbsp; &nbsp; &nbsp; &nbsp; &nbsp; &nbsp; &nbsp; &nbsp; &nbsp; &nbsp; R$ 35,00 (Estudantes)<br \/>Informa\u00e7\u00f5es e inscri\u00e7\u00f5es: (11) 5180-7813 | cursos.imrea@hc.fm.usp.br<\/p>\n<p>*Rua Domingo de Soto, 100 &#8211; Vila Mariana &#8211; S\u00e3o Paulo (Pr\u00f3ximo \u00e0&nbsp;esta\u00e7\u00e3o Ch\u00e1cara Klabin &#8211; Linha 2 Verde do Metr\u00f4)<\/p>\n<p><strong>PROGRAMA\u00c7\u00c3O<br \/><\/strong>8h \u00e0s 8h40 &#8211; <strong>Credenciamento e novas inscri\u00e7\u00f5es<\/strong><br \/>8h40 \u00e0s 9h &#8211; <strong>Abertura<\/strong> &#8211; Dra. Arlete Salimene (Diretora do Servi\u00e7o Social do IMREA HCFMSUP)<br \/>9h \u00e0s 10h &#8211; <strong>Fam\u00edlia: Interface na sa\u00fade e Reabilita\u00e7\u00e3o Psicossocial<\/strong> &#8211; Mait\u00e1 Seixas de Figueiredo (Assistente Social do Instituto de Psiquiatria do HCFMUSP)<br \/>10h \u00e0s 11h &#8211; <strong>O papel da Defensoria P\u00fablica na Inclus\u00e3o da Pessoa com Defici\u00eancia na Garantia de Direitos<\/strong> &#8211; Elizabete Saiki Agente de Defensoria P\u00fablica (Assistente Social do N\u00facleo Especializado dos Direitos do Idoso e da Pessoa com Defici\u00eancia)<br \/>11h \u00e0s 11h30 &#8211; <strong>Coffee break<\/strong><br \/>11h30 \u00e0s 12h30 &#8211; <strong>Desafios para inclus\u00e3o social da Pessoa com Defici\u00eancia (Depoimento Pessoal)<\/strong> &#8211; Lu\u00edz Fernando Bolognesi&nbsp;<br \/>12h30 \u00e0s 13h &#8211; <strong>Perguntas e encerramento<\/strong><\/p>\n","protected":false},"featured_media":0,"template":"","class_list":["post-418","curso","type-curso","status-publish","hentry"],"acf":[],"_links":{"self":[{"href":"https:\/\/redelucymontoro.org.br\/site\/wp-json\/wp\/v2\/curso\/418","targetHints":{"allow":["GET"]}}],"collection":[{"href":"https:\/\/redelucymontoro.org.br\/site\/wp-json\/wp\/v2\/curso"}],"about":[{"href":"https:\/\/redelucymontoro.org.br\/site\/wp-json\/wp\/v2\/types\/curso"}],"wp:attachment":[{"href":"https:\/\/redelucymontoro.org.br\/site\/wp-json\/wp\/v2\/media?parent=418"}],"curies":[{"name":"wp","href":"https:\/\/api.w.org\/{rel}","templated":true}]}}