{"id":1803,"date":"2024-03-12T17:46:31","date_gmt":"2024-03-12T17:46:31","guid":{"rendered":"https:\/\/situati.net.br\/new\/xxix-congresso-brasileiro-de-medicina-fisica-e-reabilitacao\/"},"modified":"2024-04-14T21:21:03","modified_gmt":"2024-04-15T00:21:03","slug":"xxix-congresso-brasileiro-de-medicina-fisica-e-reabilitacao","status":"publish","type":"curso","link":"https:\/\/redelucymontoro.org.br\/site\/cursos\/xxix-congresso-brasileiro-de-medicina-fisica-e-reabilitacao\/","title":{"rendered":"XXIX Congresso Brasileiro de Medicina F\u00edsica e Reabilita\u00e7\u00e3o"},"content":{"rendered":"<p><span style=\"margin: 0px; font-weight: bolder;\">XXIV Congresso de Medicina F\u00edsica Reabilita\u00e7\u00e3o<\/span><br style=\"margin: 0px;\" \/><span style=\"margin: 0px; font-weight: bolder;\">Data:<\/span>&nbsp;12 a 14 de abril de 2024<br style=\"margin: 0px;\" \/><span style=\"margin: 0px; font-weight: bolder;\">Hor\u00e1rio da programa\u00e7\u00e3o:<\/span>&nbsp;8h &#8211; 19h<br style=\"margin: 0px;\" \/><span style=\"margin: 0px; font-weight: bolder;\">Local do Congresso:<\/span>&nbsp;Centro de Conven\u00e7\u00f5es Rebou\u00e7as<br style=\"margin: 0px;\" \/><span style=\"margin: 0px; font-weight: bolder;\">Endere\u00e7o:<\/span>&nbsp;Av. Dr. Eneas Carvalho de Aguiar, 23<br style=\"margin: 0px;\" \/><span style=\"margin: 0px; font-weight: bolder;\">Site:<\/span>&nbsp;<a href=\"https:\/\/www.abmfr.com.br\/congresso2024\/\">https:\/\/www.abmfr.com.br\/congresso2024\/<\/a><br style=\"margin: 0px;\" \/><span style=\"margin: 0px; font-weight: bolder;\">Hotel oficial:<\/span>&nbsp;Quality Su\u00edtes Oscar freire \/ Rua Oscar Freire, 1948<br style=\"margin: 0px;\" \/><span style=\"margin: 0px; font-weight: bolder;\">Tel:<\/span>&nbsp;(11) 5043-7147<\/p>\n<p><span style=\"margin: 0px; font-weight: bolder;\">CURSOS PR\u00c9 CONGRESSO<\/span><br style=\"margin: 0px;\" \/><em style=\"margin: 0px;\">OBS: Para participar dos cursos do pre congresso \u00e9 NECESS\u00c1RIO estar inscrito no Congresso.<\/em><\/p>\n<p><span style=\"margin: 0px; font-weight: bolder;\">10 de abril de 2024<\/span><br style=\"margin: 0px;\" \/><span style=\"margin: 0px; font-weight: bolder;\">Curso: Te\u00f3rico pr\u00e1tico de eletroneuromiografia Respirat\u00f3ria<\/span><br style=\"margin: 0px;\" \/><span style=\"margin: 0px; font-weight: bolder;\">Local:<\/span>&nbsp;Rede Lucy Montoro &#8211; Vila Mariana &#8211; Sala 1<br style=\"margin: 0px;\" \/>Rua Domingo de Soto, 100 \u2013 (Esta\u00e7\u00e3o de Metr\u00f4 Ch\u00e1cara Klabin)<br style=\"margin: 0px;\" \/><span style=\"margin: 0px; font-weight: bolder;\">Hor\u00e1rio:<\/span>&nbsp;14h00 \u00e0s 18h00<br style=\"margin: 0px;\" \/><span style=\"margin: 0px; font-weight: bolder;\">P\u00fablico:<\/span>&nbsp;m\u00e9dicos Neurofisiologistas, Fisiatras, Neurologistas, Neurocirgi\u00f5es, Neuropediatra<\/p>\n<p><span style=\"margin: 0px; font-weight: bolder;\">11 de abril de 2024<\/span><br style=\"margin: 0px;\" \/><span style=\"margin: 0px; font-weight: bolder;\">Curso:&nbsp;<\/span>Atualiza\u00e7\u00f5es em Ondas de Choque<br style=\"margin: 0px;\" \/><span style=\"margin: 0px; font-weight: bolder;\">Local:<\/span>&nbsp;Rede Lucy Montoro &#8211; Vila Mariana &#8211; Sala 1<br style=\"margin: 0px;\" \/>Rua Domingo de Soto, 100 \u2013 (Esta\u00e7\u00e3o de Metr\u00f4 Ch\u00e1cara Klabin)<br style=\"margin: 0px;\" \/><span style=\"margin: 0px; font-weight: bolder;\">Hor\u00e1rio:<\/span>&nbsp;8h30 \u00e0s 13h00<br style=\"margin: 0px;\" \/><span style=\"margin: 0px; font-weight: bolder;\">P\u00fablico:<\/span>&nbsp;m\u00e9dicos<\/p>\n<p><span style=\"margin: 0px; font-weight: bolder;\">Curso:<\/span>&nbsp;Te\u00f3rico pr\u00e1tico laser<br style=\"margin: 0px;\" \/><span style=\"margin: 0px; font-weight: bolder;\">Local:<\/span>&nbsp;Rede Lucy Montoro &#8211; Vila Mariana &#8211; Sala 1<br style=\"margin: 0px;\" \/>Rua Domingo de Soto, 100 \u2013 (Esta\u00e7\u00e3o de Metr\u00f4 Ch\u00e1cara Klabin)<br style=\"margin: 0px;\" \/><span style=\"margin: 0px; font-weight: bolder;\">Hor\u00e1rio:<\/span>&nbsp;14h00 \u00e0s 18h00<br style=\"margin: 0px;\" \/><span style=\"margin: 0px; font-weight: bolder;\">P\u00fablico:<\/span>&nbsp;m\u00e9dicos<br style=\"margin: 0px;\" \/><\/p>\n<p><span style=\"margin: 0px; font-weight: bolder;\">Curso:<\/span>&nbsp;Mesoterapia<br style=\"margin: 0px;\" \/><span style=\"margin: 0px; font-weight: bolder;\">Local:<\/span>&nbsp;Rede Lucy Montoro &#8211; Vila Mariana &#8211; Sala 2<br style=\"margin: 0px;\" \/>Rua Domingo de Soto, 100 \u2013 (Esta\u00e7\u00e3o de Metr\u00f4 Ch\u00e1cara Klabin)<br style=\"margin: 0px;\" \/><span style=\"margin: 0px; font-weight: bolder;\">Hor\u00e1rio:<\/span>&nbsp;8h00 \u00e0s 12h00<br style=\"margin: 0px;\" \/><span style=\"margin: 0px; font-weight: bolder;\">Publico:<\/span>&nbsp;m\u00e9dicos<br style=\"margin: 0px;\" \/><\/p>\n<p><span style=\"margin: 0px; font-weight: bolder;\">Curso:<\/span>&nbsp;Manejo da T\u00e9cnica de Ultrassom em Procedimentos de Toxina Botul\u00ednica<br style=\"margin: 0px;\" \/><span style=\"margin: 0px; font-weight: bolder;\">Local:<\/span>&nbsp;Rede Lucy Montoro &#8211; Vila Mariana &#8211; Sala 2<br style=\"margin: 0px;\" \/>Rua Domingo de Soto, 100 \u2013 (Esta\u00e7\u00e3o de Metr\u00f4 Ch\u00e1cara Klabin)<br style=\"margin: 0px;\" \/><span style=\"margin: 0px; font-weight: bolder;\">Hor\u00e1rio:<\/span>&nbsp;14h00 \u00e0s 18h00<br style=\"margin: 0px;\" \/><span style=\"margin: 0px; font-weight: bolder;\">P\u00fablico:<\/span>&nbsp;m\u00e9dicos<\/p>\n<p><span style=\"margin: 0px; font-weight: bolder;\">CREDENCIAMENTO\/RETIRADA DE MATERIAL<\/span><br style=\"margin: 0px;\" \/><span style=\"margin: 0px; font-weight: bolder;\">Local do Congresso:<\/span>&nbsp;Centro de Conven\u00e7\u00f5es Rebou\u00e7as<br style=\"margin: 0px;\" \/><span style=\"margin: 0px; font-weight: bolder;\">Endere\u00e7o:<\/span>&nbsp;Av. Dr. Eneas Carvalho de Aguiar, 23<br style=\"margin: 0px;\" \/><span style=\"margin: 0px; font-weight: bolder;\">Hor\u00e1rio:<\/span><br style=\"margin: 0px;\" \/>12\/04\/2024 &#8211; 7h30 \u00e0s 19h00<br style=\"margin: 0px;\" \/>13\/04\/2024 &#8211; 7h30 \u00e0s 19h00<br style=\"margin: 0px;\" \/>14\/04\/2024 &#8211; 8h00 \u00e0s 12h00<\/p>\n<p><span style=\"margin: 0px; font-weight: bolder;\">CRACH\u00c1S DE IDENTIFICA\u00c7\u00c3O<\/span><br style=\"margin: 0px;\" \/>\u00c9 indispens\u00e1vel e obrigat\u00f3rio o uso de crach\u00e1 para acesso a todas as sess\u00f5es cient\u00edficas. Pela segunda via do crach\u00e1, ser\u00e1 cobrada taxa de R$ 50,00.<\/p>\n<p><span style=\"margin: 0px; font-weight: bolder;\">CERTIFICADOS<\/span><br style=\"margin: 0px;\" \/>Ser\u00e3o conferidos certificados de participa\u00e7\u00e3o no congresso e trabalhos cient\u00edficos. Os certificados dever\u00e3o ser acessados no site do evento:&nbsp;<a href=\"https:\/\/www.abmfr.com.br\/congresso2024\/\" style=\"margin: 0px; background-color: transparent; color: #007bff;\">https:\/\/www.abmfr.com.br\/congresso2024\/<\/a>, na \u00e1rea de inscrito ap\u00f3s 5 dias, utilizando a senha da sua inscri\u00e7\u00e3o.&nbsp;<span style=\"margin: 0px; font-weight: bolder;\">A data limite para acessar os certificados ser\u00e1 dia 10 de junho de 2024<\/span>.<\/p>\n<p><span style=\"margin: 0px; font-weight: bolder;\">ALTERA\u00c7\u00c3O NO PROGRAMA<\/span><br style=\"margin: 0px;\" \/>A Comiss\u00e3o Organizadora reserva-se e certifica o direito de realizar quaisquer mudan\u00e7as necess\u00e1rias no programa, para atender a raz\u00f5es t\u00e9cnicas e\/ou cient\u00edficas do evento.<\/p>\n<p><span style=\"margin: 0px; font-weight: bolder;\">SALAS DO CONGRESSO<\/span><br style=\"margin: 0px;\" \/>Para todas as salas, a capacidade de cada sess\u00e3o \u00e9 limitada.<\/p>\n<p><span style=\"margin: 0px; font-weight: bolder;\">\u00c1REA DE EXPOSI\u00c7\u00c3O \/ das 9h00 \u00e0s 19h00 todos os dias<\/span><br style=\"margin: 0px;\" \/>Ser\u00e1 destinada uma \u00e1rea para exposi\u00e7\u00e3o de produtos, promovendo a intera\u00e7\u00e3o entre congressistas e expositores. S\u00f3 poder\u00e3o circular na \u00e1rea de exposi\u00e7\u00e3o participantes credenciados.<\/p>\n<p><span style=\"margin: 0px; font-weight: bolder;\">AREA DE E-POSTERES<\/span><br style=\"margin: 0px;\" \/>Teremos uma \u00e1rea destinada para visita\u00e7\u00e3o, convidamos voc\u00ea para prestigiar os trabalhos.<\/p>\n<p><span style=\"margin: 0px; font-weight: bolder;\">MIDIA DESK<\/span><br style=\"margin: 0px;\" \/>Os palestrantes e apresentadores de trabalhos orais disp\u00f5em de completo servi\u00e7o de midia desk. O material audiovisual deve ser entregue e testado com anteced\u00eancia m\u00ednima de 30 minutos antes da apresenta\u00e7\u00e3o, para que haja tempo de fazer modifica\u00e7\u00f5es e solucionar poss\u00edveis problemas.<br style=\"margin: 0px;\" \/>Dentro das salas de apresenta\u00e7\u00e3o, os operadores n\u00e3o est\u00e3o autorizados a receber o material ou laptop diretamente do palestrante.<br style=\"margin: 0px;\" \/><em style=\"margin: 0px;\">OBS: o M\u00eddia Desk n\u00e3o recebe apresenta\u00e7\u00f5es gravadas em Mac Book (Apple)<\/em><\/p>\n<p><span style=\"margin: 0px; font-weight: bolder;\">NOSSOS CONTATOS<\/span><br style=\"margin: 0px;\" \/><\/p>\n<p><span style=\"margin: 0px; font-weight: bolder;\">Atendimento Congressistas<\/span><br style=\"margin: 0px;\" \/><span style=\"margin: 0px; font-weight: bolder;\">E-mail:<\/span>&nbsp;<a href=\"mailto:congressofisiatria2024@5weventos.com.br\">congressofisiatria2024@5weventos.com.br<\/a><br style=\"margin: 0px;\" \/><span style=\"margin: 0px; font-weight: bolder;\">Whatsapp:<\/span>&nbsp;11 99573-2105<\/p>\n<p><span style=\"margin: 0px; font-weight: bolder;\">Atendimento Palestrantes<\/span><br style=\"margin: 0px;\" \/><span style=\"margin: 0px; font-weight: bolder;\">E-mail:<\/span>&nbsp;<a href=\"mailto:secretaria.congressofisiatria2024@5weventos.com.br\">secretaria.congressofisiatria2024@5weventos.com.br<\/a><br style=\"margin: 0px;\" \/><span style=\"margin: 0px; font-weight: bolder;\">Whatsapp:<\/span>&nbsp;13 99713-3008<\/p>\n<p><span style=\"margin: 0px; font-weight: bolder;\">Atendimento Expositores:<\/span><br style=\"margin: 0px;\" \/><span style=\"margin: 0px; font-weight: bolder;\">E-mail:<\/span>&nbsp;<a href=\"mailto:comercial@5weventos.com.br\">comercial@5weventos.com.br<\/a><\/p>\n<p><span style=\"margin: 0px; font-weight: bolder;\">Ag\u00eancia de Turismo Levitatur (A\u00e9reo\/ Hospedagem\/Passeios)<\/span><br style=\"margin: 0px;\" \/><span style=\"margin: 0px; font-weight: bolder;\">E-mail:<\/span>&nbsp;<a href=\"mailto:eventos@levitatur.com.br\">eventos@levitatur.com.br<\/a><br style=\"margin: 0px;\" \/><span style=\"margin: 0px; font-weight: bolder;\">Telefone:<\/span>&nbsp;11 2090-1030<br style=\"margin: 0px;\" \/><span style=\"margin: 0px; font-weight: bolder;\">Whatsapp:<\/span>&nbsp;11 96379-6882<\/p>\n<p>&nbsp;<\/p>\n<p>Mais informa\u00e7\u00f5es:&nbsp;<a href=\"https:\/\/abmfr.com.br\/congresso2024\/\">ABMFR &#8211; Congresso 2024<\/a><\/p>\n<p>&nbsp;<\/p>\n","protected":false},"featured_media":0,"template":"","class_list":["post-1803","curso","type-curso","status-publish","hentry"],"acf":[],"_links":{"self":[{"href":"https:\/\/redelucymontoro.org.br\/site\/wp-json\/wp\/v2\/curso\/1803","targetHints":{"allow":["GET"]}}],"collection":[{"href":"https:\/\/redelucymontoro.org.br\/site\/wp-json\/wp\/v2\/curso"}],"about":[{"href":"https:\/\/redelucymontoro.org.br\/site\/wp-json\/wp\/v2\/types\/curso"}],"wp:attachment":[{"href":"https:\/\/redelucymontoro.org.br\/site\/wp-json\/wp\/v2\/media?parent=1803"}],"curies":[{"name":"wp","href":"https:\/\/api.w.org\/{rel}","templated":true}]}}