{"id":1727,"date":"2022-11-22T14:04:20","date_gmt":"2022-11-22T14:04:20","guid":{"rendered":"https:\/\/situati.net.br\/new\/vagas-limitadas-capacitacao-para-profissionais-da-rede-de-atencao-basica-no-atendimento-da-pessoa-com-deficiencia\/"},"modified":"2024-04-14T21:21:03","modified_gmt":"2024-04-15T00:21:03","slug":"vagas-limitadas-capacitacao-para-profissionais-da-rede-de-atencao-basica-no-atendimento-da-pessoa-com-deficiencia","status":"publish","type":"curso","link":"https:\/\/redelucymontoro.org.br\/site\/cursos\/vagas-limitadas-capacitacao-para-profissionais-da-rede-de-atencao-basica-no-atendimento-da-pessoa-com-deficiencia\/","title":{"rendered":"[Vagas encerradas] Capacita\u00e7\u00e3o para profissionais da Rede de Aten\u00e7\u00e3o B\u00e1sica no atendimento da pessoa com defici\u00eancia"},"content":{"rendered":"<p>A Rede Lucy Montoro e o Programa Nacional de Apoio \u00e0 Aten\u00e7\u00e3o da Sa\u00fade da Pessoa com Defici\u00eancia (Pronas), do Governo Federal, oferecer\u00e3o um curso online gratuito de capacita\u00e7\u00e3o&nbsp;para profissionais de sa\u00fade da Rede de Aten\u00e7\u00e3o B\u00e1sica no atendimento e seguimento da pessoa com defici\u00eancia na Aten\u00e7\u00e3o Prim\u00e1ria.<\/p>\n<p><!--more--><\/p>\n<p>Os objetivos s\u00e3o aprimorar os conhecimentos t\u00e9cnicos dos profissionais de sa\u00fade que atuam no atendimento longitudinal na Aten\u00e7\u00e3o Prim\u00e1ria do munic\u00edpio de S\u00e3o Paulo em rela\u00e7\u00e3o \u00e0s principais necessidades e ao manejo da pessoa com defici\u00eancia motora f\u00edsica e de seus familiares.<\/p>\n<p> Conte\u00fado Program\u00e1tico geral:<\/p>\n<p><span style=\"text-align: justify;\">1. As incapacidades f\u00edsicas motoras mais prevalentes no SUS e a organiza\u00e7\u00e3o do cuidado e das redes de Aten\u00e7\u00e3o \u00e0 Pessoa com defici\u00eancia f\u00edsica no SUS de SP.&nbsp;<\/span>O papel da reabilita\u00e7\u00e3o e da manuten\u00e7\u00e3o nas fases aguda, subaguda e cr\u00f4nica ambulatorial.<\/p>\n<p style=\"margin-bottom: 10pt; text-align: justify; line-height: 115%; border: none;\">2. Estrutura de um programa de reabilita\u00e7\u00e3o motora interdisciplinar terci\u00e1rio.<\/p>\n<p style=\"margin-bottom: 10pt; text-align: justify; line-height: 115%; border: none;\">3. Aspectos relacionados \u00e0 dor cr\u00f4nica.<\/p>\n<p style=\"margin-bottom: 10pt; text-align: justify; line-height: 115%; border: none;\">4. Aspectos relacionados \u00e0 incapacidade bexiga neurog\u00eanica.<\/p>\n<p style=\"margin-bottom: 10pt; text-align: justify; line-height: 115%; border: none;\">5. Aspectos relacionados \u00e0 incapacidade disfagia e sialorr\u00e9ia cr\u00f4nica.<\/p>\n<p style=\"margin-bottom: 10pt; text-align: justify; line-height: 115%; border: none;\">6. Aspectos relacionados \u00e0 incapacidade \u00falceras de press\u00e3o.<\/p>\n<p style=\"margin-bottom: 10pt; text-align: justify; line-height: 115%; border: none;\">7. Aspectos relacionados \u00e0 incapacidade espasticidade.<\/p>\n<p style=\"margin-bottom: 10pt; text-align: justify; line-height: 115%; border: none;\">8. Aspectos relacionados \u00e0 incapacidade deformidades e dismetrias.<\/p>\n<p style=\"margin-bottom: 10pt; text-align: justify; line-height: 115%; border: none;\">9. Aspectos relacionados \u00e0 indica\u00e7\u00e3o de \u00f3rteses, auxiliares de marcha CR e tecnologias assistivas dispon\u00edveis.<\/p>\n<p style=\"margin-bottom: 10pt; text-align: justify; line-height: 115%; border: none;\">10. A atividade f\u00edsica como promotora da sa\u00fade.<\/p>\n<p style=\"margin-bottom: 10pt; text-align: justify; line-height: 115%; border: none;\">11. O cuidador durante o processo de reabilita\u00e7\u00e3o.<\/p>\n<p style=\"margin-bottom: 10pt; text-align: justify; line-height: 115%; border: none;\">12. O papel de Grupos de pacientes para o manejo e autocuidado<\/p>\n<p style=\"margin-bottom: 10pt; text-align: justify; line-height: 115%; border: none;\">13. Recursos Sociais na reabilita\u00e7\u00e3o e inclus\u00e3o na sociedade.<\/p>\n<p style=\"margin-bottom: 10pt; text-align: justify; line-height: 115%; border: none;\">14. Aspectos da mobilidade urbana e acessibilidade.<\/p>\n<p><strong><a href=\"https:\/\/forms.gle\/qoEHRYa2GgjGnjdt5\" target=\"_blank\" rel=\"noopener\">CLIQUE AQUI PARA SE INSCREVER AT\u00c9 O LIMITE DAS VAGAS<\/a>.<\/strong><\/p>\n<p>Saiba mais no material de divulga\u00e7\u00e3o:<\/p>\n<p><img fetchpriority=\"high\" decoding=\"async\" class=\" size-full wp-image-1726\" src=\"https:\/\/redelucymontoro.org.br\/site\/wp-content\/uploads\/2022\/11\/curso_Pronas_Capacitacao_Saude_Basica-e5e.jpg\" alt=\"curso Pronas Capacita\u00e7\u00e3o Sa\u00fade B\u00e1sica\" width=\"535\" height=\"757\" \/><\/p>\n","protected":false},"featured_media":1726,"template":"","class_list":["post-1727","curso","type-curso","status-publish","has-post-thumbnail","hentry"],"acf":[],"_links":{"self":[{"href":"https:\/\/redelucymontoro.org.br\/site\/wp-json\/wp\/v2\/curso\/1727","targetHints":{"allow":["GET"]}}],"collection":[{"href":"https:\/\/redelucymontoro.org.br\/site\/wp-json\/wp\/v2\/curso"}],"about":[{"href":"https:\/\/redelucymontoro.org.br\/site\/wp-json\/wp\/v2\/types\/curso"}],"wp:featuredmedia":[{"embeddable":true,"href":"https:\/\/redelucymontoro.org.br\/site\/wp-json\/wp\/v2\/media\/1726"}],"wp:attachment":[{"href":"https:\/\/redelucymontoro.org.br\/site\/wp-json\/wp\/v2\/media?parent=1727"}],"curies":[{"name":"wp","href":"https:\/\/api.w.org\/{rel}","templated":true}]}}